{"id":167,"date":"2017-11-15T10:52:39","date_gmt":"2017-11-15T09:52:39","guid":{"rendered":"http:\/\/wp.dialogos-dolmetschen.de\/?page_id=167"},"modified":"2021-09-23T10:58:32","modified_gmt":"2021-09-23T08:58:32","slug":"impressum","status":"publish","type":"page","link":"https:\/\/dialogos-dolmetschen.de\/en\/impressum\/","title":{"rendered":"Impressum"},"content":{"rendered":"<h6>Impressum<\/h6>\n<p><strong>Angaben gem\u00e4\u00df \u00a7 5 TMG:<\/strong><\/p>\n<p>dialogos GbR<br \/>\nRegina Str\u00fcbe, Fran\u00e7ois Morel-Fourrier<br \/>\nSkagerrakstra\u00dfe 1<br \/>\n79100 Freiburg<\/p>\n<p><strong>Postadresse:<\/strong><\/p>\n<p>Im Laimacker 37<br \/>\n79249 Merzhausen<\/p>\n<p><strong>Vertreten durch:<\/strong><\/p>\n<p>Regina Str\u00fcbe, Fran\u00e7ois Morel-Fourrier<\/p>\n<p><strong>Kontakt:<\/strong><\/p>\n<p>Telefon: +49 761 2922733<br \/>\nTelefax: +49 761 2922734<br \/>\nE-Mail: <strong>info@dialogos-dolmetschen.de<\/strong><\/p>\n<p><strong>Umsatzsteuer:<\/strong><\/p>\n<p>Umsatzsteuer-Identifikationsnummer gem\u00e4\u00df \u00a727 a Umsatzsteuergesetz:<br \/>\nDE247528916<\/p>\n<p><strong>Verantwortlich f\u00fcr den Inhalt nach \u00a7 55 Abs. 2 RStV:<\/strong><\/p>\n<p>Regina Str\u00fcbe,<br \/>\nFran\u00e7ois Morel-Fourrier<br \/>\nIm Laimacker 37<br \/>\n79249 Merzhausen (b. Freiburg)<\/p>\n<p><strong>Streitschlichtung<\/strong><\/p>\n<p>Wir sind nicht bereit oder verpflichtet, an Streitbeilegungsverfahren vor einer Verbraucherschlichtungsstelle teilzunehmen.<\/p>\n<p><strong>Haftung f\u00fcr Inhalte<\/strong><\/p>\n<p>Als Diensteanbieter sind wir gem\u00e4\u00df \u00a7 7 Abs.1 TMG f\u00fcr eigene Inhalte auf diesen Seiten<br \/>\nnach den allgemeinen Gesetzen verantwortlich. Nach \u00a7\u00a7 8 bis 10 TMG sind wir als<br \/>\nDiensteanbieter jedoch nicht verpflichtet, \u00fcbermittelte oder gespeicherte fremde Informationen zu<br \/>\n\u00fcberwachen oder nach Umst\u00e4nden zu forschen, die auf eine rechtswidrige T\u00e4tigkeit<br \/>\nhinweisen.<\/p>\n<p>Verpflichtungen zur Entfernung oder Sperrung der Nutzung von Informationen nach<br \/>\nden allgemeinen Gesetzen bleiben hiervon unber\u00fchrt. Eine diesbez\u00fcgliche Haftung ist jedoch<br \/>\nerst ab dem Zeitpunkt der Kenntnis einer konkreten Rechtsverletzung m\u00f6glich. Bei Bekanntwerden<br \/>\nvon entsprechenden Rechtsverletzungen werden wir diese Inhalte umgehend entfernen.<\/p>\n<p><strong>Haftung f\u00fcr Links<\/strong><\/p>\n<p>Unser Angebot enth\u00e4lt Links zu externen Webseiten Dritter, auf deren Inhalte wir keinen Einfluss haben.<br \/>\nDeshalb k\u00f6nnen wir f\u00fcr diese fremden Inhalte auch<br \/>\nkeine Gew\u00e4hr \u00fcbernehmen. F\u00fcr die Inhalte der verlinkten Seiten ist stets der jeweilige<br \/>\nAnbieter oder Betreiber der Seiten verantwortlich. Die verlinkten Seiten wurden zum Zeitpunkt der<br \/>\nVerlinkung auf m\u00f6gliche Rechtsverst\u00f6\u00dfe \u00fcberpr\u00fcft. Rechtswidrige Inhalte waren zum Zeitpunkt der Verlinkung nicht erkennbar.<\/p>\n<p>Eine permanente inhaltliche Kontrolle der verlinkten Seiten ist jedoch ohne konkrete Anhaltspunkte einer Rechtsverletzung nicht zumutbar.<br \/>\nBei<br \/>\nBekanntwerden von Rechtsverletzungen werden wir derartige Links umgehend entfernen.<\/p>\n<p><strong>Urheberrecht<\/strong><\/p>\n<p>Die durch die Seitenbetreiber erstellten Inhalte und Werke auf diesen Seiten<br \/>\nunterliegen dem deutschen Urheberrecht. Die Vervielf\u00e4ltigung, Bearbeitung, Verbreitung und jede<br \/>\nArt der Verwertung au\u00dferhalb der Grenzen des Urheberrechtes bed\u00fcrfen der schriftlichen<br \/>\nZustimmung des jeweiligen Autors bzw. Erstellers. Downloads und Kopien dieser Seite sind nur f\u00fcr<br \/>\nden privaten, nicht kommerziellen Gebrauch gestattet.<\/p>\n<p>Soweit die Inhalte auf dieser Seite nicht<br \/>\nvom Betreiber erstellt wurden, werden die Urheberrechte Dritter beachtet. Insbesondere werden Inhalte<br \/>\nDritter als solche gekennzeichnet. Sollten Sie trotzdem auf eine Urheberrechtsverletzung aufmerksam<br \/>\nwerden, bitten wir um einen entsprechenden Hinweis. Bei Bekanntwerden von Rechtsverletzungen<br \/>\nwerden wir derartige Inhalte umgehend entfernen.<\/p>\n<p>Quelle: <a href=\"https:\/\/www.e-recht24.de\" target=\"_blank\" rel=\"noopener\"><strong>e-recht24.de<\/strong><\/a><\/p>\n<p>&nbsp;<\/p>\n<p><strong>Bildrechte:<\/strong><\/p>\n<p>5 Headerbilder: \u00a9 aerogondo \/ Fotolia.com (3), \u00a9 Halfpoint \/ Fotolia.com, \u00a9 kichgin 19 \/ Fotolia.com<\/p>\n<p>1 Headerbild und alle Portraits sind Eigentum von dialogos Gbr.<\/p>\n<p>&nbsp;<\/p>\n<h6>Datenschutzerkl\u00e4rung<\/h6>\n<p><strong>Kontaktformular<\/strong><br \/>\nWenn Sie uns per Kontaktformular Anfragen zukommen lassen, werden Ihre Angaben aus dem<br \/>\nAnfrageformular inklusive der von Ihnen dort angegebenen Kontaktdaten zwecks Bearbeitung der<br \/>\nAnfrage und f\u00fcr den Fall von Anschlussfragen bei uns gespeichert. Diese Daten geben wir nicht ohne Ihre<br \/>\nEinwilligung weiter.<\/p>\n<p><strong>WP Statistics<\/strong><\/p>\n<p>Diese Website nutzt das Analysetool WP Statistics, um Besucherzugriffe statistisch auszuwerten. Anbieter ist Veronalabs, ARENCO Tower, 27th Floor, Dubai Media City, Dubai, Dubai 23816, UAE (https:\/\/veronalabs.com).<br \/>\nMit WP Statistics k\u00f6nnen wir die Nutzung unserer Website analysieren. WP Statistics erfasst dabei u. a. Logdateien (IP-Adresse, Referrer, verwendete Browser, Herkunft des Nutzers, verwendete Suchmaschine) und Aktionen, die die Websitebesucher auf der Seite get\u00e4tigt haben (z.\u00a0B. Klicks und Ansichten).<br \/>\nDie mit WP Statistics erfassten Daten werden ausschlie\u00dflich auf unserem eigenen Server gespeichert.<br \/>\nDie Nutzung dieses Analyse-Tools erfolgt auf Grundlage von Art. 6 Abs. 1 lit. f DSGVO. Wir haben ein berechtigtes Interesse an der anonymisierten Analyse des Nutzerverhaltens, um sowohl unser Webangebot als auch unsere Werbung zu optimieren. Sofern eine entsprechende Einwilligung abgefragt wurde (z.\u00a0B. eine Einwilligung zur Speicherung von Cookies), erfolgt die Verarbeitung ausschlie\u00dflich auf Grundlage von Art. 6 Abs. 1 lit. a DSGVO; die Einwilligung ist jederzeit widerrufbar.<\/p>\n<p><strong>IP-Anonymisierung<\/strong><\/p>\n<p>Wir verwenden WP Statistics mit anonymisierter IP. Ihre IP-Adresse wird dabei gek\u00fcrzt, sodass diese Ihnen nicht mehr direkt zugeordnet werden kann.<\/p>\n<p>Quelle: <a href=\"https:\/\/www.e-recht24.de\" target=\"_blank\" rel=\"noopener\"><strong>e-recht24.de<\/strong><\/a><\/p>\n<p>&nbsp;<\/p>\n<p>Diese Webseite wurde in Zusammenarbeit mit <strong><a href=\"http:\/\/www.grafikatelier-freiburg.de\" target=\"_blank\" rel=\"noopener\">Petra Saar (Design)<\/a><\/strong> und <a href=\"http:\/\/saccol-projekte.de\" target=\"_blank\" rel=\"noopener\"><strong>Marga Renata Saccol (Technische Umsetzung)<\/strong><\/a> realisiert.<\/p>\n","protected":false},"excerpt":{"rendered":"<p>Impressum Angaben gem\u00e4\u00df \u00a7 5 TMG: dialogos GbR Regina Str\u00fcbe, Fran\u00e7ois Morel-Fourrier Skagerrakstra\u00dfe 1 79100 Freiburg Postadresse: Im Laimacker 37 79249 Merzhausen Vertreten durch: Regina Str\u00fcbe, Fran\u00e7ois Morel-Fourrier Kontakt: Telefon: +49 761 2922733 Telefax: +49 761 2922734 E-Mail: info@dialogos-dolmetschen.de Umsatzsteuer: Umsatzsteuer-Identifikationsnummer gem\u00e4\u00df \u00a727 a Umsatzsteuergesetz: DE247528916 Verantwortlich f\u00fcr den Inhalt &hellip;<\/p>\n","protected":false},"author":2,"featured_media":0,"parent":0,"menu_order":0,"comment_status":"closed","ping_status":"closed","template":"","meta":{"footnotes":""},"class_list":["post-167","page","type-page","status-publish","hentry"],"yoast_head":"<!-- This site is optimized with the Yoast SEO plugin v27.5 - https:\/\/yoast.com\/product\/yoast-seo-wordpress\/ -->\n<title>dialogos dolmetschen | Freiburg - Impressum<\/title>\n<meta name=\"robots\" content=\"index, follow, max-snippet:-1, max-image-preview:large, max-video-preview:-1\" \/>\n<link rel=\"canonical\" href=\"https:\/\/dialogos-dolmetschen.de\/impressum\/\" \/>\n<meta property=\"og:locale\" content=\"en_US\" \/>\n<meta property=\"og:type\" content=\"article\" \/>\n<meta property=\"og:title\" content=\"dialogos dolmetschen | Freiburg - Impressum\" \/>\n<meta property=\"og:description\" content=\"Impressum Angaben gem\u00e4\u00df \u00a7 5 TMG: dialogos GbR Regina Str\u00fcbe, Fran\u00e7ois Morel-Fourrier Skagerrakstra\u00dfe 1 79100 Freiburg Postadresse: Im Laimacker 37 79249 Merzhausen Vertreten durch: Regina Str\u00fcbe, Fran\u00e7ois Morel-Fourrier Kontakt: Telefon: +49 761 2922733 Telefax: +49 761 2922734 E-Mail: info@dialogos-dolmetschen.de Umsatzsteuer: Umsatzsteuer-Identifikationsnummer gem\u00e4\u00df \u00a727 a Umsatzsteuergesetz: DE247528916 Verantwortlich f\u00fcr den Inhalt &hellip;\" \/>\n<meta property=\"og:url\" content=\"https:\/\/dialogos-dolmetschen.de\/impressum\/\" \/>\n<meta property=\"og:site_name\" content=\"dialogos dolmetschen | Freiburg\" \/>\n<meta property=\"article:modified_time\" content=\"2021-09-23T08:58:32+00:00\" \/>\n<meta name=\"twitter:card\" content=\"summary_large_image\" \/>\n<meta name=\"twitter:label1\" content=\"Est. reading time\" \/>\n\t<meta name=\"twitter:data1\" content=\"3 minutes\" \/>\n<script type=\"application\/ld+json\" class=\"yoast-schema-graph\">{\"@context\":\"https:\\\/\\\/schema.org\",\"@graph\":[{\"@type\":\"WebPage\",\"@id\":\"https:\\\/\\\/dialogos-dolmetschen.de\\\/impressum\\\/\",\"url\":\"https:\\\/\\\/dialogos-dolmetschen.de\\\/impressum\\\/\",\"name\":\"dialogos dolmetschen | Freiburg - Impressum\",\"isPartOf\":{\"@id\":\"https:\\\/\\\/dialogos-dolmetschen.de\\\/#website\"},\"datePublished\":\"2017-11-15T09:52:39+00:00\",\"dateModified\":\"2021-09-23T08:58:32+00:00\",\"breadcrumb\":{\"@id\":\"https:\\\/\\\/dialogos-dolmetschen.de\\\/impressum\\\/#breadcrumb\"},\"inLanguage\":\"en-US\",\"potentialAction\":[{\"@type\":\"ReadAction\",\"target\":[\"https:\\\/\\\/dialogos-dolmetschen.de\\\/impressum\\\/\"]}]},{\"@type\":\"BreadcrumbList\",\"@id\":\"https:\\\/\\\/dialogos-dolmetschen.de\\\/impressum\\\/#breadcrumb\",\"itemListElement\":[{\"@type\":\"ListItem\",\"position\":1,\"name\":\"Startseite\",\"item\":\"https:\\\/\\\/dialogos-dolmetschen.de\\\/\"},{\"@type\":\"ListItem\",\"position\":2,\"name\":\"Impressum\"}]},{\"@type\":\"WebSite\",\"@id\":\"https:\\\/\\\/dialogos-dolmetschen.de\\\/#website\",\"url\":\"https:\\\/\\\/dialogos-dolmetschen.de\\\/\",\"name\":\"dialogos dolmetschen | Freiburg\",\"description\":\"\",\"publisher\":{\"@id\":\"https:\\\/\\\/dialogos-dolmetschen.de\\\/#organization\"},\"potentialAction\":[{\"@type\":\"SearchAction\",\"target\":{\"@type\":\"EntryPoint\",\"urlTemplate\":\"https:\\\/\\\/dialogos-dolmetschen.de\\\/?s={search_term_string}\"},\"query-input\":{\"@type\":\"PropertyValueSpecification\",\"valueRequired\":true,\"valueName\":\"search_term_string\"}}],\"inLanguage\":\"en-US\"},{\"@type\":\"Organization\",\"@id\":\"https:\\\/\\\/dialogos-dolmetschen.de\\\/#organization\",\"name\":\"dialogos dolmetschen\",\"url\":\"https:\\\/\\\/dialogos-dolmetschen.de\\\/\",\"logo\":{\"@type\":\"ImageObject\",\"inLanguage\":\"en-US\",\"@id\":\"https:\\\/\\\/dialogos-dolmetschen.de\\\/#\\\/schema\\\/logo\\\/image\\\/\",\"url\":\"https:\\\/\\\/dialogos-dolmetschen.de\\\/wp-content\\\/uploads\\\/2017\\\/11\\\/logo.png\",\"contentUrl\":\"https:\\\/\\\/dialogos-dolmetschen.de\\\/wp-content\\\/uploads\\\/2017\\\/11\\\/logo.png\",\"width\":420,\"height\":206,\"caption\":\"dialogos dolmetschen\"},\"image\":{\"@id\":\"https:\\\/\\\/dialogos-dolmetschen.de\\\/#\\\/schema\\\/logo\\\/image\\\/\"}}]}<\/script>\n<!-- \/ Yoast SEO plugin. -->","yoast_head_json":{"title":"dialogos dolmetschen | Freiburg - Impressum","robots":{"index":"index","follow":"follow","max-snippet":"max-snippet:-1","max-image-preview":"max-image-preview:large","max-video-preview":"max-video-preview:-1"},"canonical":"https:\/\/dialogos-dolmetschen.de\/impressum\/","og_locale":"en_US","og_type":"article","og_title":"dialogos dolmetschen | Freiburg - Impressum","og_description":"Impressum Angaben gem\u00e4\u00df \u00a7 5 TMG: dialogos GbR Regina Str\u00fcbe, Fran\u00e7ois Morel-Fourrier Skagerrakstra\u00dfe 1 79100 Freiburg Postadresse: Im Laimacker 37 79249 Merzhausen Vertreten durch: Regina Str\u00fcbe, Fran\u00e7ois Morel-Fourrier Kontakt: Telefon: +49 761 2922733 Telefax: +49 761 2922734 E-Mail: info@dialogos-dolmetschen.de Umsatzsteuer: Umsatzsteuer-Identifikationsnummer gem\u00e4\u00df \u00a727 a Umsatzsteuergesetz: DE247528916 Verantwortlich f\u00fcr den Inhalt &hellip;","og_url":"https:\/\/dialogos-dolmetschen.de\/impressum\/","og_site_name":"dialogos dolmetschen | Freiburg","article_modified_time":"2021-09-23T08:58:32+00:00","twitter_card":"summary_large_image","twitter_misc":{"Est. reading time":"3 minutes"},"schema":{"@context":"https:\/\/schema.org","@graph":[{"@type":"WebPage","@id":"https:\/\/dialogos-dolmetschen.de\/impressum\/","url":"https:\/\/dialogos-dolmetschen.de\/impressum\/","name":"dialogos dolmetschen | Freiburg - Impressum","isPartOf":{"@id":"https:\/\/dialogos-dolmetschen.de\/#website"},"datePublished":"2017-11-15T09:52:39+00:00","dateModified":"2021-09-23T08:58:32+00:00","breadcrumb":{"@id":"https:\/\/dialogos-dolmetschen.de\/impressum\/#breadcrumb"},"inLanguage":"en-US","potentialAction":[{"@type":"ReadAction","target":["https:\/\/dialogos-dolmetschen.de\/impressum\/"]}]},{"@type":"BreadcrumbList","@id":"https:\/\/dialogos-dolmetschen.de\/impressum\/#breadcrumb","itemListElement":[{"@type":"ListItem","position":1,"name":"Startseite","item":"https:\/\/dialogos-dolmetschen.de\/"},{"@type":"ListItem","position":2,"name":"Impressum"}]},{"@type":"WebSite","@id":"https:\/\/dialogos-dolmetschen.de\/#website","url":"https:\/\/dialogos-dolmetschen.de\/","name":"dialogos dolmetschen | Freiburg","description":"","publisher":{"@id":"https:\/\/dialogos-dolmetschen.de\/#organization"},"potentialAction":[{"@type":"SearchAction","target":{"@type":"EntryPoint","urlTemplate":"https:\/\/dialogos-dolmetschen.de\/?s={search_term_string}"},"query-input":{"@type":"PropertyValueSpecification","valueRequired":true,"valueName":"search_term_string"}}],"inLanguage":"en-US"},{"@type":"Organization","@id":"https:\/\/dialogos-dolmetschen.de\/#organization","name":"dialogos dolmetschen","url":"https:\/\/dialogos-dolmetschen.de\/","logo":{"@type":"ImageObject","inLanguage":"en-US","@id":"https:\/\/dialogos-dolmetschen.de\/#\/schema\/logo\/image\/","url":"https:\/\/dialogos-dolmetschen.de\/wp-content\/uploads\/2017\/11\/logo.png","contentUrl":"https:\/\/dialogos-dolmetschen.de\/wp-content\/uploads\/2017\/11\/logo.png","width":420,"height":206,"caption":"dialogos dolmetschen"},"image":{"@id":"https:\/\/dialogos-dolmetschen.de\/#\/schema\/logo\/image\/"}}]}},"_links":{"self":[{"href":"https:\/\/dialogos-dolmetschen.de\/en\/wp-json\/wp\/v2\/pages\/167","targetHints":{"allow":["GET"]}}],"collection":[{"href":"https:\/\/dialogos-dolmetschen.de\/en\/wp-json\/wp\/v2\/pages"}],"about":[{"href":"https:\/\/dialogos-dolmetschen.de\/en\/wp-json\/wp\/v2\/types\/page"}],"author":[{"embeddable":true,"href":"https:\/\/dialogos-dolmetschen.de\/en\/wp-json\/wp\/v2\/users\/2"}],"replies":[{"embeddable":true,"href":"https:\/\/dialogos-dolmetschen.de\/en\/wp-json\/wp\/v2\/comments?post=167"}],"version-history":[{"count":20,"href":"https:\/\/dialogos-dolmetschen.de\/en\/wp-json\/wp\/v2\/pages\/167\/revisions"}],"predecessor-version":[{"id":742,"href":"https:\/\/dialogos-dolmetschen.de\/en\/wp-json\/wp\/v2\/pages\/167\/revisions\/742"}],"wp:attachment":[{"href":"https:\/\/dialogos-dolmetschen.de\/en\/wp-json\/wp\/v2\/media?parent=167"}],"curies":[{"name":"wp","href":"https:\/\/api.w.org\/{rel}","templated":true}]}}